{"id":7,"date":"2014-06-07T09:05:20","date_gmt":"2014-06-07T09:05:20","guid":{"rendered":"http:\/\/frillesasfiber.se\/cms2\/?page_id=7"},"modified":"2023-03-14T10:15:51","modified_gmt":"2023-03-14T09:15:51","slug":"om-frillesas-fiber","status":"publish","type":"page","link":"https:\/\/frillesasfiber.se\/cms2\/om-frillesas-fiber\/","title":{"rendered":"Om Frilles\u00e5s Fiber"},"content":{"rendered":"<p>Vi \u00e4r en ekonomisk f\u00f6rening som driver ett fibern\u00e4t i Frilles\u00e5s landsbygd, \u00f6ster om motorv\u00e4gen. F\u00f6reningen har vid \u00e5rsskiftet 2022\/2023 cirka 500 medlemmar.<\/p>\n<p>F\u00f6reningen har inget vinstsyfte, men tar ut en kostnad f\u00f6r nya medlemmar vid anslutning som skall s\u00e4kerst\u00e4lla att eventuella st\u00f6rre ombyggnader inte belastar en ny enskild medlem. Ut\u00f6ver anslutningsavgift utg\u00e5r en m\u00e5nadsavgift som idag \u00e4r knappt 395 kr. M\u00e5nadsavgift beslutas p\u00e5 f\u00f6reningens \u00e5rsm\u00f6te.<\/p>\n<p>F\u00f6reningen \u00e4ger och underh\u00e5ller sitt fibern\u00e4t sj\u00e4lv. Det inneb\u00e4r att f\u00f6reningens medlemmar \u00e4r del\u00e4gare i n\u00e4tet. Detta inneb\u00e4r att underh\u00e5llskostnader f\u00f6r n\u00e4tet ing\u00e5r i din m\u00e5nadsavgift.<\/p>\n<p>F\u00f6reningen har tecknat avtal med Telia f\u00f6r alla medlemmar. I avtalet ing\u00e5r telefon, TV-paket och internetanslutning utan extra kostnad. Vill du ut\u00f6ka ditt Telia-paket k\u00f6per du det direkt via Telia.<\/p>\n<p>Utan kostnad ing\u00e5r 1st tr\u00e5dl\u00f6s router och\u00a0 1st TV-adapter f\u00f6r digital TV.<\/p>\n<p>T\u00e4nk p\u00e5 att den anslutningsavgift du betalar \u00e4r fram- och inkoppling till huset. Du beh\u00f6ver ut\u00f6ver detta bekosta nedgr\u00e4vning av fiber fr\u00e5n kopplingssk\u00e5p till bostad och eventuell ytterligare dragning av fiber inne i bostaden om du \u00f6nskar flera uttag, vilket f\u00f6reningen inte bekostar eller utf\u00f6r.<\/p>\n<p>F\u00f6reningen har ett \u00e5rsm\u00f6te under v\u00e5ren. Detta genomf\u00f6rs enligt kallelse p\u00e5 v\u00e5r hemsida och till medlemmar via SMS. P\u00e5 \u00e5rsm\u00f6tet beslutas om styrelsemedlemmar, medlemsavgifter och vilka tj\u00e4nster f\u00f6reningen skall erbjuda. P\u00e5 \u00e5rsm\u00f6tet f\u00e5r du ocks\u00e5 information om hur vi sk\u00f6ter om v\u00e5rt fibern\u00e4t.<\/p>\n\n\n<p><\/p>\n","protected":false},"excerpt":{"rendered":"<p>Vi \u00e4r en ekonomisk f\u00f6rening som driver ett fibern\u00e4t i Frilles\u00e5s landsbygd, \u00f6ster om motorv\u00e4gen. F\u00f6reningen har vid \u00e5rsskiftet 2022\/2023 cirka 500 medlemmar. F\u00f6reningen har inget vinstsyfte, men tar ut en kostnad f\u00f6r nya medlemmar vid anslutning som skall s\u00e4kerst\u00e4lla att eventuella st\u00f6rre ombyggnader inte belastar en ny enskild medlem. Ut\u00f6ver anslutningsavgift utg\u00e5r en m\u00e5nadsavgift &hellip; <a href=\"https:\/\/frillesasfiber.se\/cms2\/om-frillesas-fiber\/\" class=\"more-link\">Forts\u00e4tt l\u00e4sa <span class=\"screen-reader-text\">Om Frilles\u00e5s Fiber<\/span> <span class=\"meta-nav\">&rarr;<\/span><\/a><\/p>\n","protected":false},"author":4,"featured_media":0,"parent":0,"menu_order":0,"comment_status":"closed","ping_status":"closed","template":"","meta":{"footnotes":""},"class_list":["post-7","page","type-page","status-publish","hentry"],"_links":{"self":[{"href":"https:\/\/frillesasfiber.se\/cms2\/wp-json\/wp\/v2\/pages\/7","targetHints":{"allow":["GET"]}}],"collection":[{"href":"https:\/\/frillesasfiber.se\/cms2\/wp-json\/wp\/v2\/pages"}],"about":[{"href":"https:\/\/frillesasfiber.se\/cms2\/wp-json\/wp\/v2\/types\/page"}],"author":[{"embeddable":true,"href":"https:\/\/frillesasfiber.se\/cms2\/wp-json\/wp\/v2\/users\/4"}],"replies":[{"embeddable":true,"href":"https:\/\/frillesasfiber.se\/cms2\/wp-json\/wp\/v2\/comments?post=7"}],"version-history":[{"count":8,"href":"https:\/\/frillesasfiber.se\/cms2\/wp-json\/wp\/v2\/pages\/7\/revisions"}],"predecessor-version":[{"id":533,"href":"https:\/\/frillesasfiber.se\/cms2\/wp-json\/wp\/v2\/pages\/7\/revisions\/533"}],"wp:attachment":[{"href":"https:\/\/frillesasfiber.se\/cms2\/wp-json\/wp\/v2\/media?parent=7"}],"curies":[{"name":"wp","href":"https:\/\/api.w.org\/{rel}","templated":true}]}}