{"id":371,"date":"2020-11-01T17:16:28","date_gmt":"2020-11-01T16:16:28","guid":{"rendered":"https:\/\/frillesasfiber.se\/cms2\/?page_id=371"},"modified":"2026-01-20T20:28:44","modified_gmt":"2026-01-20T19:28:44","slug":"operatorsavtal","status":"publish","type":"page","link":"https:\/\/frillesasfiber.se\/cms2\/operatorsavtal\/","title":{"rendered":"Operat\u00f6rsavtal"},"content":{"rendered":"\n<p>Vi \u00e4r bundna till Telia genom ett kollektivt avtal. I det avtalet ing\u00e5r bredband och TV det paketet heter Telia Lagom. <\/p>\n\n\n\n<p>Kontakt till Telias kundtj\u00e4nst f\u00f6r kollektiva avtal: <a href=\"tel:020-202070\">020-202070<\/a>, uppge v\u00e5rt avtalsnummer <strong>KO 43103<\/strong>.<\/p>\n\n\n\n<p>Vill man \u00e4ndra avtalet till n\u00e5got annat paket fr\u00e5n Telia m\u00e5ste man kontakta Telia f\u00f6r att f\u00e5r reda p\u00e5 vad den nya kostnaden kommer bli. Kostnaden som f\u00f6reningen tar ut \u00e4r fortsatt densamma &#8211; Telia kommer fakturera er f\u00f6r den \u00f6kade kostnaden direkt.<\/p>\n","protected":false},"excerpt":{"rendered":"<p>Vi \u00e4r bundna till Telia genom ett kollektivt avtal. I det avtalet ing\u00e5r bredband och TV det paketet heter Telia Lagom. Kontakt till Telias kundtj\u00e4nst f\u00f6r kollektiva avtal: 020-202070, uppge v\u00e5rt avtalsnummer KO 43103. Vill man \u00e4ndra avtalet till n\u00e5got annat paket fr\u00e5n Telia m\u00e5ste man kontakta Telia f\u00f6r att f\u00e5r reda p\u00e5 vad den &hellip; <a href=\"https:\/\/frillesasfiber.se\/cms2\/operatorsavtal\/\" class=\"more-link\">Forts\u00e4tt l\u00e4sa <span class=\"screen-reader-text\">Operat\u00f6rsavtal<\/span> <span class=\"meta-nav\">&rarr;<\/span><\/a><\/p>\n","protected":false},"author":1,"featured_media":0,"parent":0,"menu_order":0,"comment_status":"closed","ping_status":"closed","template":"","meta":{"footnotes":""},"class_list":["post-371","page","type-page","status-publish","hentry"],"_links":{"self":[{"href":"https:\/\/frillesasfiber.se\/cms2\/wp-json\/wp\/v2\/pages\/371","targetHints":{"allow":["GET"]}}],"collection":[{"href":"https:\/\/frillesasfiber.se\/cms2\/wp-json\/wp\/v2\/pages"}],"about":[{"href":"https:\/\/frillesasfiber.se\/cms2\/wp-json\/wp\/v2\/types\/page"}],"author":[{"embeddable":true,"href":"https:\/\/frillesasfiber.se\/cms2\/wp-json\/wp\/v2\/users\/1"}],"replies":[{"embeddable":true,"href":"https:\/\/frillesasfiber.se\/cms2\/wp-json\/wp\/v2\/comments?post=371"}],"version-history":[{"count":4,"href":"https:\/\/frillesasfiber.se\/cms2\/wp-json\/wp\/v2\/pages\/371\/revisions"}],"predecessor-version":[{"id":683,"href":"https:\/\/frillesasfiber.se\/cms2\/wp-json\/wp\/v2\/pages\/371\/revisions\/683"}],"wp:attachment":[{"href":"https:\/\/frillesasfiber.se\/cms2\/wp-json\/wp\/v2\/media?parent=371"}],"curies":[{"name":"wp","href":"https:\/\/api.w.org\/{rel}","templated":true}]}}