{"id":21,"date":"2014-06-07T09:22:43","date_gmt":"2014-06-07T09:22:43","guid":{"rendered":"http:\/\/frillesasfiber.se\/cms2\/?page_id=21"},"modified":"2025-10-08T09:54:50","modified_gmt":"2025-10-08T07:54:50","slug":"problemlosning","status":"publish","type":"page","link":"https:\/\/frillesasfiber.se\/cms2\/problemlosning\/","title":{"rendered":"Probleml\u00f6sning"},"content":{"rendered":"<p>Generellt g\u00e4ller att vid problem med fiberanslutning eller utrustning kontaktas Telias kundtj\u00e4nst.<\/p>\n<p>Telia&#8217;s kundtj\u00e4nst f\u00f6r kollektiva tj\u00e4nster 020-202070<\/p>\n<p>F\u00d6F&#8217;S avtalsnummer KO43103.<\/p>\n<p>Beror problemet p\u00e5 en avgr\u00e4vning eller annat brott p\u00e5 fiberledningen kontaktas styrelsen.<\/p>\n<p>Nedan f\u00f6ljer allm\u00e4n information f\u00f6r att l\u00f6sa problem som medlemmar kan ha.<\/p>\n<h1>\u00c5ska<\/h1>\n<p>T\u00e4nk p\u00e5 att all elektronisk utrustning i ert hus t\u00e5l inte sp\u00e4nningstoppar som orsakas av \u00e5ska. \u00c4ven om risken f\u00f6r \u00e5sknedslag minskar i och med att kopparledningen till telefonen \u00e4r urkopplad kan det fortfarande f\u00f6rekomma sp\u00e4nningstoppar via eln\u00e4tet.<\/p>\n<p>Vi rekommenderar att bryta str\u00f6mmen (genom att dra ur kontakten) till alla elapparater vid \u00e5ska.<\/p>\n<h1>L\u00e4nkar fr\u00e5n Telia<\/h1>\n<p><a href=\"https:\/\/www.telia.se\/privat\/sok#?privat-sok=guider&amp;filter=all&amp;page=2\">En samling blandade l\u00e4nkar<\/a><\/p>\n<p><a href=\"https:\/\/www.telia.se\/privat\/support\/info\/manual-fjarrkontroll\">Manual till fj\u00e4rrkontroll<\/a><\/p>\n<p><a href=\"https:\/\/www.telia.se\/privat\/support\/info\/logga-in-pa-router\">Logga in p\u00e5 router<\/a><\/p>\n<p><a href=\"https:\/\/www.telia.se\/privat\/support\/info\/stang-av-pa-tradlost-natverk\">St\u00e4ng av och p\u00e5 tr\u00e5dl\u00f6st n\u00e4tverk<\/a><\/p>\n<p><a href=\"https:\/\/www.telia.se\/privat\/support\/info\/fabriksaterstall-wifi-router\">Fabriks\u00e5ters\u00e4llning av wifi-router<\/a><\/p>\n<p><a href=\"https:\/\/www.telia.se\/privat\/support\/info\/digitalbox-startar-om\">Problem med digitalbox som startar om<\/a><\/p>\n<p><a href=\"https:\/\/www.telia.se\/privat\/support\/info\/ljudstorningar-pa-digital-tv\">Ljudst\u00f6rningar p\u00e5 digital-TV<\/a><\/p>\n<p><a href=\"https:\/\/www.telia.se\/privat\/support\/info\/andra-lokalkanal-for-din-tv\">\u00c4ndra lokalkanal f\u00f6r din TV<\/a><\/p>\n","protected":false},"excerpt":{"rendered":"<p>Generellt g\u00e4ller att vid problem med fiberanslutning eller utrustning kontaktas Telias kundtj\u00e4nst. Telia&#8217;s kundtj\u00e4nst f\u00f6r kollektiva tj\u00e4nster 020-202070 F\u00d6F&#8217;S avtalsnummer KO43103. Beror problemet p\u00e5 en avgr\u00e4vning eller annat brott p\u00e5 fiberledningen kontaktas styrelsen. Nedan f\u00f6ljer allm\u00e4n information f\u00f6r att l\u00f6sa problem som medlemmar kan ha. \u00c5ska T\u00e4nk p\u00e5 att all elektronisk utrustning i ert hus &hellip; <a href=\"https:\/\/frillesasfiber.se\/cms2\/problemlosning\/\" class=\"more-link\">Forts\u00e4tt l\u00e4sa <span class=\"screen-reader-text\">Probleml\u00f6sning<\/span> <span class=\"meta-nav\">&rarr;<\/span><\/a><\/p>\n","protected":false},"author":1,"featured_media":0,"parent":0,"menu_order":0,"comment_status":"closed","ping_status":"closed","template":"","meta":{"footnotes":""},"class_list":["post-21","page","type-page","status-publish","hentry"],"_links":{"self":[{"href":"https:\/\/frillesasfiber.se\/cms2\/wp-json\/wp\/v2\/pages\/21","targetHints":{"allow":["GET"]}}],"collection":[{"href":"https:\/\/frillesasfiber.se\/cms2\/wp-json\/wp\/v2\/pages"}],"about":[{"href":"https:\/\/frillesasfiber.se\/cms2\/wp-json\/wp\/v2\/types\/page"}],"author":[{"embeddable":true,"href":"https:\/\/frillesasfiber.se\/cms2\/wp-json\/wp\/v2\/users\/1"}],"replies":[{"embeddable":true,"href":"https:\/\/frillesasfiber.se\/cms2\/wp-json\/wp\/v2\/comments?post=21"}],"version-history":[{"count":11,"href":"https:\/\/frillesasfiber.se\/cms2\/wp-json\/wp\/v2\/pages\/21\/revisions"}],"predecessor-version":[{"id":675,"href":"https:\/\/frillesasfiber.se\/cms2\/wp-json\/wp\/v2\/pages\/21\/revisions\/675"}],"wp:attachment":[{"href":"https:\/\/frillesasfiber.se\/cms2\/wp-json\/wp\/v2\/media?parent=21"}],"curies":[{"name":"wp","href":"https:\/\/api.w.org\/{rel}","templated":true}]}}